{"id":3,"date":"2025-03-11T13:29:35","date_gmt":"2025-03-11T13:29:35","guid":{"rendered":"https:\/\/terresdefetes.com\/?page_id=3"},"modified":"2025-03-28T21:06:40","modified_gmt":"2025-03-28T21:06:40","slug":"privacy-policy","status":"publish","type":"page","link":"https:\/\/terresdefetes.com\/en\/privacy-policy\/","title":{"rendered":"Politique de confidentialite\u0301"},"content":{"rendered":"<div data-elementor-type=\"wp-page\" data-elementor-id=\"3\" class=\"elementor elementor-3\">\n\t\t\t\t<div class=\"elementor-element elementor-element-30de7865 e-flex e-con-boxed e-con e-parent\" data-id=\"30de7865\" data-element_type=\"container\">\n\t\t\t\t\t<div class=\"e-con-inner\">\n\t\t\t\t<div class=\"elementor-element elementor-element-9b05b44 elementor-widget elementor-widget-text-editor\" data-id=\"9b05b44\" data-element_type=\"widget\" data-widget_type=\"text-editor.default\">\n\t\t\t\t<div class=\"elementor-widget-container\">\n\t\t\t\t\t\t\t\t\t\n<h4 class=\"wp-block-heading\">PR\u00c9AMBULE<\/h4>\n\n<p>Le responsable de traitement, Terres de F\u00eates, est une soci\u00e9t\u00e9 \u00e0 responsabilit\u00e9 limit\u00e9e de droit marocain dont le si\u00e8ge social est situ\u00e9 au B 01, R\u00e9sidence Les Jardins Ocres, Avenue Mohammed VI , 40020 \u2013 Marrakech.<br \/><br \/>Afin de se conformer aux textes r\u00e9glementaires et l\u00e9gaux et respecter les donn\u00e9es personnelles de ses clients, Terres de F\u00eates a mis en place une politique de confidentialit\u00e9 applicable aux donn\u00e9es \u00e0 caract\u00e8re personnel collect\u00e9es dans le cadre de ses \u00ab Services \u00bb, \u00ab Produits \u00bb ou \u00ab Offres d\u2019emploi \u00bb.<\/p>\n\n<h4 class=\"wp-block-heading\">\u2022 LA PR\u00c9SENTE POLITIQUE :<\/h4>\n\n<ol>\n<li>Couvre les collectes de donn\u00e9es personnelles que nous collectons par l\u2019interm\u00e9diaire de nos sites internet ou applications mobiles ;<\/li>\n<li>D\u00e9taille la mani\u00e8re dont les informations recueillies via nos sites internet sont utilis\u00e9es et prot\u00e9g\u00e9es ;<\/li>\n<li>Donne des renseignements concernant vos droits d\u2019acc\u00e8s, de rectification, de suppression ou d\u2019opposition relatifs \u00e0 vos donn\u00e9es personnelles.<br \/>En utilisant un Site et\/ou un Service, et en nous fournissant vos donn\u00e9es personnelles, vous consentez au traitement de vos donn\u00e9es personnelles de la mani\u00e8re d\u00e9crite dans cette politique de confidentialit\u00e9.\u00a0<br \/><br \/>Ce traitement nous a \u00e9t\u00e9 autoris\u00e9 par la CNDP sous le num\u00e9ro n\u00b0 D-GC-93\/2016 du 05\/04\/2016.<\/li>\n<\/ol>\n<h4 class=\"wp-block-heading\">\u2022 TRAITEMENT DE DONN\u00c9ES \u00c0 CARACT\u00c8RE PERSONNEL<\/h4>\n<p><\/p>\n<ul>\n<li>Est une donn\u00e9e personnelle toute information collect\u00e9e et enregistr\u00e9e dans un format qui permet de vous identifier personnellement, soit directement, soit indirectement, en qualit\u00e9 d\u2019individu.\u00a0<br \/><br \/><\/li>\n<li>La fourniture des informations signal\u00e9es par un ast\u00e9risque sur les formulaires de collecte de donn\u00e9es est obligatoire et n\u00e9cessaire \u00e0 la prise en compte de votre demande afin de vous apporter la r\u00e9ponse ou le service demand\u00e9.\u00a0<br \/><br \/><\/li>\n<li>En plus de ces informations, nous recueillons, par ailleurs, des informations que vous acceptez de nous communiquer ou que nous recueillons dans notre int\u00e9r\u00eat l\u00e9gitime ou dans le cadre de nos obligations l\u00e9gales.\u00a0<\/li>\n<\/ul>\n<p>Ci-apr\u00e8s vous trouverez un aper\u00e7u g\u00e9n\u00e9ral :\u00a0<\/p>\n<ol>\n<li>Des cat\u00e9gories de donn\u00e9es personnelles que nous utilisons et conservons sur vous ;<\/li>\n<li>Des finalit\u00e9s pour lesquelles ces informations seront collect\u00e9es ;<\/li>\n<li>Des bases l\u00e9gales applicables au traitement de donn\u00e9es.<\/li>\n<\/ol>\n<h4 class=\"wp-block-heading\">\u2022 LES PERSONNES CONCERN\u00c9ES PAR LA COLLECTE DES DONN\u00c9ES PERSONNELLES<\/h4>\n<p><\/p>\n<ul>\n<li>\n<p>Dans le cadre de la fourniture de nos services, nous pouvons collecter des informations relatives aux personnes suivantes :\u00a0<\/p>\n<ol>\n<li>Les utilisateurs de nos sites internet et\/ de nos applications,<\/li>\n<li>Les Clients, et\/ou dans le cas \u00e9ch\u00e9ant leurs contact administratif ou technique,<\/li>\n<li>Les candidats \u00e0 l\u2019embauche,<\/li>\n<\/ol>\n<p>Ci-apr\u00e8s collectivement d\u00e9sign\u00e9es \u00ab vous \u00bb, \u00ab votre \u00bb ou \u00ab vos \u00bb.<\/p>\n<\/li>\n<\/ul>\n\n<h4 class=\"wp-block-heading\">&bull; LES CAT&Eacute;GORIES DE DONN&Eacute;ES PERSONNELLES QUE NOUS COLLECTONS ET LES FINALIT&Eacute;S DE LA COLLECTE&lt;\/h4&gt;<\/h4>\n<h5><strong>3.1. DONN\u00c9ES QUE VOUS NOUS FOURNISSEZ VOLONTAIREMENT<\/strong><\/h5>\n<p><\/p>\n<ul>\n<li><strong>Il s\u2019agit notamment des :\u00a0<\/strong><\/li>\n<\/ul>\n<ol>\n<li style=\"list-style-type: none;\">\n<ol>\n<li>Noms et Pr\u00e9noms<\/li>\n<li>Titre<\/li>\n<li>Nom de l\u2019entreprise<\/li>\n<li>Adresse e-mail<\/li>\n<li>Adresse Postale (incluant Code Postal, D\u00e9partement, Ville et Pays)<\/li>\n<li>Num\u00e9ro de t\u00e9l\u00e9phone<\/li>\n<li>Num\u00e9ro de Fax<\/li>\n<li>Noms de domaine<\/li>\n<li>Toute autre donn\u00e9e requise par l\u2019ICANN ou nos fournisseurs afin de d\u00e9montrer votre conformit\u00e9 et \u00e9ligibilit\u00e9 \u00e0 certains services.<\/li>\n<\/ol>\n<\/li>\n<\/ol>\n<ul>\n<li>\n<p><strong>Finalit\u00e9s principales de traitement :<\/strong><\/p>\n<ol>\n<li>Cr\u00e9er et administrer votre compte ;<\/li>\n<li>G\u00e9rer l\u2019envoi des offres marketing ;<\/li>\n<li>Fournir les Services que vous commandez ;<\/li>\n<li>Mettre \u00e0 jour et am\u00e9liorer la performance des Services que nous vous fournissons ;<\/li>\n<li>G\u00e9rer votre candidature \u00e0 une de nos offres d\u2019emploi et \u00e9valuer votre aptitude au poste concern\u00e9 (pour les candidats \u00e0 l\u2019embauche) ;<\/li>\n<li>R\u00e9pondre \u00e0 vos questions et demandes de support.<\/li>\n<\/ol>\n<\/li>\n<\/ul>\n<p>\u00a0<\/p>\n<h5><strong>3.2. DONN\u00c9ES COLLECT\u00c9ES AUTOMATIQUEMENT<\/strong><\/h5>\n<p><\/p>\n<p>Ces donn\u00e9es peuvent inclure votre adresse IP, le type d&rsquo;appareil, les d\u00e9tails du syst\u00e8me d&rsquo;exploitation, les num\u00e9ros d&rsquo;identification uniques (y compris les identifiants publicitaires mobiles), le type de navigateur, la langue du navigateur, la localisation g\u00e9ographique (expliqu\u00e9 en d\u00e9tail dans la section \u00ab Informations de Localisation \u00bb) et d&rsquo;autres informations techniques.\u00a0<\/p>\n<p><strong>Finalit\u00e9s principales de traitement :<\/strong><\/p>\n<ol>\n<li>Am\u00e9lioration de la qualit\u00e9, la pertinence et la s\u00e9curit\u00e9 de nos Sites et Services afin d\u2019offrir une exp\u00e9rience personnalis\u00e9e aux utilisateurs de nos sites internet et services (Par exemple en affichant les Services qui vous int\u00e9ressent, dans la langue et la devise appropri\u00e9es) ;<\/li>\n<li>Blocage des adresses IP en cas de violation des Conditions d&rsquo;utilisation de nos sites internet.<\/li>\n<\/ol>\n<h5><strong>3.3. DONN\u00c9ES QUE NOUS OBTENONS DE SOURCES TIERCES<\/strong><\/h5>\n<p><\/p>\n<p>Nous pouvons recevoir des donn\u00e9es personnelles vous concernant provenant de sources tierces mais uniquement si ces tiers confirment votre consentement ou sont tenus ou l\u00e9galement autoris\u00e9s \u00e0 nous les divulguer.\u00a0<\/p>\n<p>Ces sources tierces se repr\u00e9sentent notamment dans les agences de recrutement, les services de paiement, les revendeurs et d\u2019autres partenaires qui vous vendent nos produits et services, etc.\u00a0<br \/><br \/>Les types d&rsquo;informations que nous collectons aupr\u00e8s de ces tiers comprennent les coordonn\u00e9es, les CV et les informations relatives aux commandes.\u00a0<br \/><br \/><strong>Finalit\u00e9s principales de traitement :<\/strong><br \/><br \/><\/p>\n<ol>\n<li>Evaluation de votre aptitude \u00e0 un poste (pour les candidats \u00e0 l\u2019embauche) ;<\/li>\n<li>Blocage des paiements frauduleux ;<\/li>\n<li>Fourniture de nos services.<\/li>\n<\/ol>\n<h5><strong>3.4. COOKIES<\/strong><\/h5>\n<p><\/p>\n<p>Nous utilisons des cookies et technologies de suivi similaires sur nos sites Internet. Ceux-ci nous permettent de rendre notre site plus facile \u00e0 utiliser et pour mieux adapter le site \u00e0 vos int\u00e9r\u00eats et besoins. Pour plus d\u2019informations, lire notre\u00a0Politique sur les cookies et technologies similaires.<\/p>\n<h5><strong>3.5. INFORMATIONS DE LOCALISATION<\/strong><\/h5>\n<p><\/p>\n<p>Nous pouvons recueillir diff\u00e9rentes informations relatives \u00e0 votre emplacement, notamment des informations g\u00e9n\u00e9rales (exemples : adresse IP ou code postal, \u2026) et des informations plus sp\u00e9cifiques (exemple : la fonctionnalit\u00e9 GPS sur les appareils mobiles pour acc\u00e9der \u00e0 un site, produit ou service).\u00a0<br \/><br \/>Si vous acc\u00e9dez \u00e0 nos Services via un appareil mobile et que vous ne souhaitez pas que votre appareil nous fournisse des informations de localisation, vous pouvez d\u00e9sactiver le GPS ou toutes autres fonctions de localisation sur votre appareil, \u00e0 condition que votre appareil vous le permette. Consultez les instructions du fabricant de votre appareil pour plus de d\u00e9tails.\u00a0<br \/><br \/><strong>Finalit\u00e9s principales de traitement :<\/strong><\/p>\n<ol>\n<li>Personnaliser les services qui vous sont fournis, tels que le contenu de nos sites internet et les fonctionnalit\u00e9s de nos services. (Pour ce faire, vos informations de localisation peuvent \u00eatre partag\u00e9es avec nos agents ou fournisseurs)<\/li>\n<\/ol>\n<h4 class=\"wp-block-heading\">\u2022 AUTRES FINALIT\u00c9S DE TRAITEMENT DE VOS DONN\u00c9ES PERSONNELLES<\/h4>\n<h5><strong>4.1. GESTION DES COMPTES CLIENTS :<\/strong><\/h5>\n<p><\/p>\n<p>Dans le cadre du Contrat qui nous lie avec vous (en tant que Client de Terres de F\u00eates), nous collectons et traitons certaines de vos Donn\u00e9es pour :\u00a0<\/p>\n<ol>\n<li>Fournir un support client et g\u00e9rer vos comptes ;<\/li>\n<li>Traiter vos commandes et documents commerciaux (devis, factures, &#8230;) ;<\/li>\n<li>V\u00e9rifier la conformit\u00e9 de l\u2019usage des produits et services vis-\u00e0-vis de nos conditions d\u2019utilisation ;<\/li>\n<li>Vous contacter (y compris par courrier \u00e9lectronique) concernant l&rsquo;expiration ou le renouvellement de services et autres notifications connexes ;<\/li>\n<li>Tenir \u00e0 jour notre base de donn\u00e9es clients et enregistrements.<\/li>\n<\/ol>\n<h5><strong>4.2. ENQU\u00caTES ET \u00c9TUDES DE MARCH\u00c9<\/strong><\/h5>\n<p><\/p>\n<p>Nous pouvons utilisons les donn\u00e9es personnelles des utilisateurs qui participent \u00e0 nos sondages \u00e0 des fins d&rsquo;analyse afin de mieux comprendre la d\u00e9mographie, les int\u00e9r\u00eats et le comportement de nos utilisateurs, de mesurer et d&rsquo;accro\u00eetre la satisfaction de nos clients et d&rsquo;am\u00e9liorer nos produits et services.<\/p>\n<h5><strong>4.3. SURVEILLANCE R\u00c9SEAU<\/strong><\/h5>\n<p><\/p>\n<p>Nous pouvons traiter des journaux et d&rsquo;autres donn\u00e9es sur l&rsquo;acc\u00e8s et le trafic transitant via notre r\u00e9seau et nos \u00e9quipements dans le but de :\u00a0<\/p>\n<ol>\n<li>Surveiller la disponibilit\u00e9 et la performance ;<\/li>\n<li>Effectuer la maintenance ;<\/li>\n<li>Surveiller la s\u00e9curit\u00e9, la recherche de menaces et autres recherches scientifiques ;<\/li>\n<li>D\u00e9velopper de nouveaux produits et services ;<\/li>\n<li>Am\u00e9liorer des produits et services existants ;<\/li>\n<li>Cr\u00e9er de statistiques ;<\/li>\n<li>R\u00e9diger des rapports et analyser les tendances.<\/li>\n<\/ol>\n<h4 class=\"wp-block-heading\">\u2022 BASES L\u00c9GALES POUR LE TRAITEMENT DES DONN\u00c9ES PERSONNELLES<\/h4>\n<p><\/p>\n<p>Notre base juridique pour la collecte et l&rsquo;utilisation des donn\u00e9es personnelles d\u00e9pendra des donn\u00e9es personnelles concern\u00e9es et du contexte sp\u00e9cifique dans lequel nous les collectons.\u00a0<br \/><br \/>Cependant, nous ne collectons vos donn\u00e9es personnelles que lorsque vous consentez express\u00e9ment au traitement de vos donn\u00e9es (pour les communications marketing par exemple), ou lorsque le traitement est n\u00e9cessaire pour assurer l\u2019ex\u00e9cution du contrat qui nous relie \u00e0 vous, pour que nous puissions respecter nos obligations l\u00e9gales, pour prot\u00e9ger vos int\u00e9r\u00eats vitaux ou ceux d\u2019une autre personne, ou encore pour la satisfaction de notre int\u00e9r\u00eat l\u00e9gitime.\u00a0<br \/><br \/>Pour plus d&rsquo;informations, veuillez nous contacter par mail \u00e0 l\u2019adresse mentionn\u00e9e dans la section \u00ab Contact \u00bb.<\/p>\n<h4 class=\"wp-block-heading\">&bull; PARTAGE ET DIVULGATION DE VOS DONN&Eacute;ES PERSONNELLES&lt;\/h4&gt;<\/h4>\n<p><\/p>\n<p>Nous pouvons \u00eatre amen\u00e9s \u00e0 communiquer vos donn\u00e9es personnelles, dans le cadre unique de pouvoir vous satisfaire lors de l\u2019utilisation de nos Services, \u00e0 des destinataires internes et\/ou \u00e0 des destinataires externes.\u00a0<br \/><br \/><strong>Destinataire internes :<\/strong>\u00a0Il s\u2019agit ici de tout le personnel interne amen\u00e9 \u00e0 intervenir pour vous fournir les Services de Terres de F\u00eates ou pour g\u00e9rer votre compte tels que le service technique, le service commercial, le service administratif et financier.\u00a0<\/p>\n<h4 class=\"wp-block-heading\">\u2022 CONSERVATION DES DONN\u00c9ES<\/h4>\n<p><\/p>\n<p>Nous stockons vos informations pour une dur\u00e9e proportionn\u00e9e \u00e0 l\u2019objectif pour lequel nous les traitons dans le respect des limites impos\u00e9es par les textes l\u00e9gislatifs et r\u00e9glementaires et selon les dur\u00e9es impos\u00e9es par nos fournisseurs, l\u2019ICANN, un contrat ou par des obligations similaires applicables \u00e0 notre activit\u00e9.\u00a0<br \/><br \/>Par ailleurs, il est \u00e0 noter que m\u00eame apr\u00e8s la fin de notre relation commerciale, il est possible que nous conservions certaines informations si nous en estimons un besoin l\u00e9gitime. Pour les candidats \u00e0 l\u2019embauche, leurs informations peuvent \u00eatre conserv\u00e9es dans notre base de donn\u00e9es pour les contacter au sujet de futures opportunit\u00e9s, \u00e0 moins les personnes concern\u00e9es le refusent.<\/p>\n<h4 class=\"wp-block-heading\">\u2022 PERSONNES MINEURES<\/h4>\n<p><\/p>\n<p>En utilisant les sites internet et les services de Terres de F\u00eates, vous nous garantissez \u00eatre une personne majeure.\u00a0<br \/><br \/>Si vous pensez que nous traitons des donn\u00e9es de mineurs nous vous remercions de nous contacter via l\u2019adresse mentionn\u00e9e dans la section \u00ab Contact \u00bb ci-dessous afin que nous puissions les effacer, le cas \u00e9ch\u00e9ant.<\/p>\n<h4 class=\"wp-block-heading\">\u2022 VOS DROITS<\/h4>\n<p><\/p>\n<p>Conform\u00e9ment \u00e0 la loi \u00ab Informatique et Libert\u00e9s \u00bb du 6 janvier 1978 modifi\u00e9e et du R\u00e8glement G\u00e9n\u00e9ral Sur la Protection des Donn\u00e9es (2016\/679) (le \u00ab RGPD \u00bb) et \u00e0 la loi 09-08 relative \u00e0 la protection des personnes physiques \u00e0 l&rsquo;\u00e9gard du traitement des donn\u00e9es \u00e0 caract\u00e8re personnel, vous disposez des droits suivants :\u00a0<\/p>\n<ol>\n<li>Le droit d&rsquo;acc\u00e8s aux informations personnelles que nous d\u00e9tenons \u00e0 votre sujet ;<\/li>\n<li>Le droit de nous demander de mettre \u00e0 jour ou de corriger toute information personnelle vous concernant ;<\/li>\n<li>Le droit de demander une copie de vos donn\u00e9es. Ces copies pourront \u00eatre factur\u00e9es ;<\/li>\n<li>Le droit de retirer votre consentement au traitement de vos donn\u00e9es personnelles \u00e0 tout moment, lorsque celui-ci ce traitement est fond\u00e9 sur votre consentement ;<\/li>\n<li>Le droit de vous opposer \u00e0 la r\u00e9ception de communications commerciales et marketing ;<\/li>\n<li>Le droit \u00e0 l&rsquo;effacement et ce, uniquement dans la mesure o\u00f9 les donn\u00e9es ne sont plus n\u00e9cessaires pour les Services achet\u00e9s ou requis pour nos produits l\u00e9gitimes \u00e0 des exigences l\u00e9gales ou contractuelles. (notez que certaines donn\u00e9es sont obligatoires pour la fourniture de certains services notamment celui des noms de domaine et des certificats SSL) ;<\/li>\n<li>Le droit \u00e0 la limitation du traitement. Ici la limitation d\u00e9pendra de la nature de la prestation que nous vous fournissons telle que celle de l\u2019enregistrement des noms de domaine qui n\u00e9cessite les donn\u00e9es de contact physique ;<\/li>\n<li>Le droit \u00e0 la portabilit\u00e9 des donn\u00e9es ;<\/li>\n<li>Le droit de vous opposer au traitement des donn\u00e9es personnelles vous concernant ;<\/li>\n<li>Le droit de d\u00e9poser une plainte aupr\u00e8s d&rsquo;une autorit\u00e9 de r\u00e9gulation, \u00e0 savoir au Maroc la CNDP.<\/li>\n<\/ol>\n<p><br \/>Vous pouvez exercer ces droits en tout temps en nous envoyant un e-mail \u00e0 l\u2019adresse mentionn\u00e9e dans la section \u00ab Contact \u00bb.<\/p>\n<h4 class=\"wp-block-heading\">\u2022 S\u00c9CURIT\u00c9 DES DONN\u00c9ES PERSONNELLES<\/h4>\n<p><\/p>\n<p>Terres de F\u00eates met en \u0153uvre les moyens appropri\u00e9s pour pr\u00e9server la s\u00e9curit\u00e9 et la confidentialit\u00e9 des donn\u00e9es, via des proc\u00e9dures physiques, administratives, techniques et organisationnelles de protection raisonnables et r\u00e9pondant aux plus hauts standards de s\u00e9curit\u00e9. Ces proc\u00e9dures de protection varient en fonction de la sensibilit\u00e9 des informations que nous collectons, traitons et stockons et de l&rsquo;\u00e9tat actuel de la technologie.\u00a0<\/p>\n<p>En effet, Terres de F\u00eates dispose d\u2019un Syst\u00e8me de Management de la S\u00e9curit\u00e9 de l\u2019Information certifi\u00e9 ISO 27001. Cette certification prouve que nous avons mis en place les moyens techniques, humains et organisationnels n\u00e9cessaires pour maintenir la s\u00e9curit\u00e9, l\u2019int\u00e9grit\u00e9 et la confidentialit\u00e9 des donn\u00e9es que nous collectons.\u00a0<\/p>\n<p>Par ailleurs, vous \u00eates seuls responsables de la s\u00e9curit\u00e9 et de la confidentialit\u00e9 des identifiants de connexion que vous avez cr\u00e9\u00e9s ou re\u00e7u pour acc\u00e9der \u00e0 votre espace client.<\/p>\n<h4 class=\"wp-block-heading\">\u2022 CONTACT<\/h4>\n<p><\/p>\n<p>Si vous avez des questions ou r\u00e9clamation \u00e0 propos de la pr\u00e9sente politique de confidentialit\u00e9 ou sur le traitement de vos donn\u00e9es par Terres de F\u00eates, vous pouvez contacter notre d\u00e9l\u00e9gu\u00e9 \u00e0 la protection des donn\u00e9es par email \u00e0\u00a0<a href=\"mailto:contact@terresdefetes.com\">contact@terresdefetes.com<\/a>\u00a0ou \u00e0 l&rsquo;adresse postale suivante : B 01, R\u00e9sidence Les Jardins Ocres, Avenue Mohammed VI , 40020 \u2013 Marrakech.<\/p>\n<h4 class=\"wp-block-heading\">\u2022 MODIFICATION DE NOTRE POLITIQUE DE CONFIDENTIALIT\u00c9<\/h4>\n<p><\/p>\n<p>Nous nous r\u00e9servons le droit de modifier \u00e0 tout moment et de plein droit la pr\u00e9sente Politique de Confidentialit\u00e9. Ces modifications entrent en vigueur \u00e0 partir de la date de leur publication sur le site Internet de Terres de F\u00eates. Nous vous recommandons donc de consulter r\u00e9guli\u00e8rement la pr\u00e9sente Politique afin d\u2019\u00eatre tenu inform\u00e9 de la mise \u00e0 jour \u00e9ventuelle de cette Politique.\u00a0<\/p>\n<p>Notez que l\u2019utilisation des Sites internet et\/ou des Services de Terres de F\u00eates, ou la fourniture d\u2019informations vous concernant post\u00e9rieurement \u00e0 la mise \u00e0 jour de la pr\u00e9sente Politique, constituera votre acceptation de la derni\u00e8re version de la Politique de Confidentialit\u00e9.<\/p>\n<h4 class=\"wp-block-heading\"><\/h4>\t\t\t\t\t\t\t\t<\/div>\n\t\t\t\t<\/div>\n\t\t\t\t\t<\/div>\n\t\t\t\t<\/div>\n\t\t\t\t<\/div>","protected":false},"excerpt":{"rendered":"<p>PR\u00c9AMBULE Le responsable de traitement, Terres de F\u00eates, est une soci\u00e9t\u00e9 \u00e0 responsabilit\u00e9 limit\u00e9e de droit marocain dont le si\u00e8ge social est situ\u00e9 au B 01, R\u00e9sidence Les Jardins Ocres, Avenue Mohammed VI , 40020 \u2013 Marrakech. Afin de se conformer aux textes r\u00e9glementaires et l\u00e9gaux et respecter les donn\u00e9es personnelles de ses clients, Terres [&hellip;]<\/p>","protected":false},"author":1,"featured_media":0,"parent":0,"menu_order":0,"comment_status":"closed","ping_status":"open","template":"","meta":{"footnotes":""},"class_list":["post-3","page","type-page","status-publish","hentry"],"_links":{"self":[{"href":"https:\/\/terresdefetes.com\/en\/wp-json\/wp\/v2\/pages\/3","targetHints":{"allow":["GET"]}}],"collection":[{"href":"https:\/\/terresdefetes.com\/en\/wp-json\/wp\/v2\/pages"}],"about":[{"href":"https:\/\/terresdefetes.com\/en\/wp-json\/wp\/v2\/types\/page"}],"author":[{"embeddable":true,"href":"https:\/\/terresdefetes.com\/en\/wp-json\/wp\/v2\/users\/1"}],"replies":[{"embeddable":true,"href":"https:\/\/terresdefetes.com\/en\/wp-json\/wp\/v2\/comments?post=3"}],"version-history":[{"count":22,"href":"https:\/\/terresdefetes.com\/en\/wp-json\/wp\/v2\/pages\/3\/revisions"}],"predecessor-version":[{"id":790,"href":"https:\/\/terresdefetes.com\/en\/wp-json\/wp\/v2\/pages\/3\/revisions\/790"}],"wp:attachment":[{"href":"https:\/\/terresdefetes.com\/en\/wp-json\/wp\/v2\/media?parent=3"}],"curies":[{"name":"wp","href":"https:\/\/api.w.org\/{rel}","templated":true}]}}